 {"id":7497,"date":"2015-09-02T17:47:01","date_gmt":"2015-09-02T17:47:01","guid":{"rendered":"http:\/\/europeantissue.com\/?page_id=7497"},"modified":"2022-12-06T18:16:55","modified_gmt":"2022-12-06T18:16:55","slug":"declaracion-de-consenso-de-un-grupo-de-expertos-2","status":"publish","type":"page","link":"https:\/\/europeantissue.com\/es\/higiene\/declaracion-consensual-on-hygienic-hand-drying-2\/declaracion-de-consenso-de-un-grupo-de-expertos-2\/","title":{"rendered":"Declaraci\u00f3n de Consenso de un Grupo de Expertos"},"content":{"rendered":"<p><div class=\"fusion-fullwidth fullwidth-box fusion-builder-row-1 has-pattern-background has-mask-background hundred-percent-fullwidth non-hundred-percent-height-scrolling\" style=\"--awb-border-radius-top-left:0px;--awb-border-radius-top-right:0px;--awb-border-radius-bottom-right:0px;--awb-border-radius-bottom-left:0px;--awb-overflow:visible;--awb-background-color:rgba(100,107,130,0.08);--awb-flex-wrap:wrap;\" ><div class=\"fusion-builder-row fusion-row\"><div class=\"fusion-layout-column fusion_builder_column fusion-builder-column-0 fusion_builder_column_1_1 1_1 fusion-one-full fusion-column-first fusion-column-last fusion-column-no-min-height\" style=\"--awb-padding-top:5%;--awb-padding-right:5%;--awb-padding-bottom:5%;--awb-padding-left:5%;--awb-bg-blend:overlay;--awb-bg-size:cover;--awb-border-color:#3c64a8;--awb-border-style:solid;--awb-margin-bottom:0px;\"><div class=\"fusion-column-wrapper fusion-column-has-shadow fusion-flex-column-wrapper-legacy\"><div class=\"fusion-title title fusion-title-1 fusion-sep-none fusion-title-center fusion-title-text fusion-title-size-one\"><h1 class=\"fusion-title-heading title-heading-center\" style=\"margin:0;\"><h3 style=\"text-align: center;\"><strong>Declaraci\u00f3n de Consenso Completo actualizada<\/strong><br \/>\n<strong>(Reuni\u00f3n del Panel del 11 octubre&nbsp;2022)<\/strong><\/h3><\/h1><\/div><div class=\"fusion-text fusion-text-1 fusion-text-no-margin\" style=\"--awb-line-height:1;--awb-text-color:#000000;--awb-text-font-family:-apple-system, BlinkMacSystemFont, &#039;Segoe UI&#039;, Roboto, Oxygen-Sans, Ubuntu, Cantarell, &#039;Helvetica Neue&#039; ,sans-serif;--awb-text-font-style:normal;--awb-text-font-weight:400;\"><ul>\n<li style=\"text-align: justify;\"><strong>La comunidad cient\u00edfica reconocela importancia de lavarse las manos&nbsp;para evitar la propagaci\u00f3n de infecciones. Sin embargo, el hecho de secarse las manos ha recibido mucha menos atenci\u00f3n.\n<p><\/strong><\/li>\n<li style=\"text-align: justify;\"><strong>Algunos microbios pat\u00f3genos permanecenen las manos despu\u00e9s de lavarlas, y es m\u00e1s f\u00e1cil que se propaguen a otras superficies si las manos no se secan adecuadamente.&nbsp;\n<p><\/strong><\/li>\n<li style=\"text-align: justify;\"><strong>Secarse bien las manoses el \u00faltimo paso del proceso de lavado y reduce el riesgo de transmisi\u00f3n de microbios.\n<p><\/strong><\/li>\n<li style=\"text-align: justify;\"><strong>Los m\u00e9todos generalmente disponibles para secar las manos en los aseos p\u00fablicos se basan en la absorci\u00f3n de agua (toallas desechables de papel o tela), en la evaporaci\u00f3n o en la dispersi\u00f3n del agua (secadores por aire o por chorro de alta presi\u00f3n de aire caliente).\n<p><\/strong><\/li>\n<li style=\"text-align: justify;\"><strong>Los secadores por aire requieren por lo general m\u00e1s tiempo para el secado de las manos que otras alternativas\n<p><\/strong><\/li>\n<li style=\"text-align: justify;\"><strong>Hay pruebas que demuestran quesecarse las manos con toallas de un solo uso en lugar de secadores el\u00e9ctricos produce una concentraci\u00f3n menor de microbios en las manos y en el ba\u00f1o (tanto en el aire como en las superficies).&nbsp;\n<p><\/strong><\/li>\n<li style=\"text-align: justify;\"><strong>Los secadores por chorro de alta presi\u00f3n de aire son particularmente propensos a esparcir las bacterias y los virus de las manos por el cuarto de aseo. Estos microbiospueden contaminar&nbsp;al usuario del aseo, a otras personas y al aire y las superficies. tanto dentro como fuera del cuarto de aseo.\n<p><\/strong><\/li>\n<li style=\"text-align: justify;\"><strong>Microbios procedentes de un lavado de manos incorrecto pueden persistir en el aire durante m\u00e1s de 15 minutos tras usar secamanos por chorro de alta presi\u00f3n.\n<p><\/strong><\/li>\n<li style=\"text-align: justify;\"><strong>Tanto los consumidores como en la toma de decisiones, es necesario ser conscientes de que ciertos m\u00e9todos de secado de manos aumentan el riesgo de contaminaci\u00f3nde las manos, de otras personas, de las superficies del ba\u00f1o y de las \u00e1reas fuera del ba\u00f1o.<\/strong><\/li>\n<\/ul>\n<\/div><div class=\"fusion-clearfix\"><\/div><\/div><\/div><\/div><\/div><div class=\"fusion-fullwidth fullwidth-box fusion-builder-row-2 fusion-flex-container has-pattern-background has-mask-background nonhundred-percent-fullwidth non-hundred-percent-height-scrolling\" style=\"--awb-border-radius-top-left:0px;--awb-border-radius-top-right:0px;--awb-border-radius-bottom-right:0px;--awb-border-radius-bottom-left:0px;--awb-flex-wrap:wrap;\" ><div class=\"fusion-builder-row fusion-row fusion-flex-align-items-flex-start fusion-flex-content-wrap\" style=\"max-width:1040px;margin-left: calc(-4% \/ 2 );margin-right: calc(-4% \/ 2 );\"><div class=\"fusion-layout-column fusion_builder_column fusion-builder-column-1 fusion_builder_column_1_1 1_1 fusion-flex-column\" style=\"--awb-bg-size:cover;--awb-width-large:100%;--awb-margin-top-large:0px;--awb-spacing-right-large:1.92%;--awb-margin-bottom-large:20px;--awb-spacing-left-large:1.92%;--awb-width-medium:100%;--awb-order-medium:0;--awb-spacing-right-medium:1.92%;--awb-spacing-left-medium:1.92%;--awb-width-small:100%;--awb-order-small:0;--awb-spacing-right-small:1.92%;--awb-spacing-left-small:1.92%;\"><div class=\"fusion-column-wrapper fusion-column-has-shadow fusion-flex-justify-content-flex-start fusion-content-layout-column\"><\/div><\/div><div class=\"fusion-layout-column fusion_builder_column fusion-builder-column-2 fusion_builder_column_1_1 1_1 fusion-flex-column fusion-flex-align-self-flex-start fusion-column-no-min-height\" style=\"--awb-bg-blend:overlay;--awb-bg-size:cover;--awb-width-large:100%;--awb-margin-top-large:0px;--awb-spacing-right-large:1.92%;--awb-margin-bottom-large:0px;--awb-spacing-left-large:1.92%;--awb-width-medium:100%;--awb-spacing-right-medium:1.92%;--awb-spacing-left-medium:1.92%;--awb-width-small:100%;--awb-spacing-right-small:1.92%;--awb-spacing-left-small:1.92%;\"><div class=\"fusion-column-wrapper fusion-flex-justify-content-flex-start fusion-content-layout-column\"><div class=\"fusion-text fusion-text-2\"><p><strong>Autores: <br \/>\nProfesor Marc Van Ranst, Profesor Mark Wilcox, Profesor Fr\u00e9d\u00e9ric Barbut, Profesor Angel Asensio, Emeritus Fellow Keith Redway, Profesor Dr Walter Popp, Profesor Bertil Kaijser y Dr Ralf K\u00e4mmerer <\/strong><\/p>\n<\/div><div class=\"fusion-text fusion-text-3\"><p>Si desea imprimir esta declaraci\u00f3n de consenso usted <a href=\"https:\/\/europeantissue.com\/wp-content\/uploads\/2022\/12\/2022-ES-ETS-Scientific-Panel-Consensus-Statement-UPDATE.pdf\"><span style=\"text-decoration: underline;\"><strong>puede utilizar este pdf<\/strong><\/span><\/a><\/p>\n<p><strong>Un \u00abResumen de una p\u00e1gina\u00bb visual del resultado clave de los estudios realizados por la Universidad de Westminster y Eurofins se ofrece en diferentes idiomas:<\/strong><\/p>\n<ul>\n<li>English: <a href=\"http:\/\/europeantissue.com\/wp-content\/uploads\/Infographic-EN.jpg\">Hand drying: an important part of hand hygiene<\/a><\/li>\n<li>DE <a href=\"http:\/\/europeantissue.com\/wp-content\/uploads\/v1_hands_drying_infographics_DE.pdf\">H\u00e4ndetrocknen: Ein wichtiger Bestandteil der H\u00e4ndegygiene<\/a><\/li>\n<li>FR <a href=\"http:\/\/europeantissue.com\/wp-content\/uploads\/v1_hands_drying_infographics_FR.pdf\">Le s\u00e9chage des mains: \u00e9l\u00e9ment important de l\u2019hygi\u00e8ne manuelle<\/a><\/li>\n<li>IT <a href=\"http:\/\/europeantissue.com\/wp-content\/uploads\/25624_hands_drying_infographic_IT_HI.pdf\">Asciugare le mani: una componente importante dell\u2019igiene delle mani<\/a><\/li>\n<li>ES <a href=\"http:\/\/europeantissue.com\/wp-content\/uploads\/v1_hands_drying_infographics_ES.pdf\">Secarse las manos: Una parte importante de la higiene<\/a><\/li>\n<li>PL <a href=\"http:\/\/europeantissue.com\/wp-content\/uploads\/v1_hands_drying_infographics_PL.pdf\">Osuszanie d\u0142oni: wa\u017cny element higieny d\u0142oni<\/a><\/li>\n<\/ul>\n<p><div class=\"video-shortcode\"><iframe width=\"1000\" height=\"563\" src=\"https:\/\/www.youtube.com\/embed\/jf_NtnJ3W1c?feature=oembed\" frameborder=\"0\" allowfullscreen><\/iframe><\/div>\n<\/p>\n<p>Este video puede ser visto tambi\u00e9n dentro de las opciones del&nbsp;<a href=\"https:\/\/www.youtube.com\/channel\/UCzakMx1VXq9YNGxqdTV8ajQ\" target=\"_blank\" rel=\"noopener noreferrer\">ETS Choices You Tube channel<\/a>&nbsp;, donde tambi\u00e9n se puede ver otros v\u00eddeos interesante en la higiene de las manos .<\/p>\n<p>Haga clic aqu\u00ed para leer el: l<a href=\"https:\/\/europeantissue.com\/hygiene\/consensus-statement-on-hygienic-hand-drying\/scientific-literature-on-hygienic-hand-drying\/\">iteratura cient\u00edfica sobre el secado de manos HIGI\u00c9NICO &#8211; ETS CIENT\u00cdFICO DEL PANEL<\/a><\/p>\n<p>Contactos:<\/p>\n<h3>duomedia<\/h3>\n<p>Dorien Cooreman | tel. +32 2 560 2150 | <span style=\"background-color: rgba(255, 255, 255, 0); color: var(--body_typography-color); font-family: var(--body_typography-font-family); font-size: var(--body_typography-font-size); font-style: var(--body_typography-font-style,normal); font-weight: var(--body_typography-font-weight); letter-spacing: var(--body_typography-letter-spacing);\"><a href=\"dorien.c@duomedia.com\">dorien.c@duomedia.com<\/a><\/span><\/p>\n<h3>ETS<\/h3>\n<p>Fanis Papakostas |&nbsp;<a href=\"https:\/\/europeantissue.com\/hygiene\/consensus-statement-on-hygienic-hand-drying\/expert-consensus-statement\/roberto.berardi@europeantissue.com\">fanis.papakostas@europeantissue.com<\/a><\/p>\n<\/div><\/div><\/div><\/div><\/div><\/p>\n","protected":false},"excerpt":{"rendered":"","protected":false},"author":2,"featured_media":0,"parent":7495,"menu_order":1,"comment_status":"open","ping_status":"closed","template":"","meta":{"_monsterinsights_skip_tracking":false,"_monsterinsights_sitenote_active":false,"_monsterinsights_sitenote_note":"","_monsterinsights_sitenote_category":0,"ngg_post_thumbnail":0,"footnotes":""},"class_list":["post-7497","page","type-page","status-publish","hentry"],"yoast_head":"<!-- This site is optimized with the Yoast SEO plugin v26.3 - https:\/\/yoast.com\/wordpress\/plugins\/seo\/ -->\n<title>Declaraci\u00f3n de consenso sobre el secado higi\u00e9nico de manos<\/title>\n<meta name=\"description\" content=\"Declaraci\u00f3n de consenso completa. Secarse las manos con toallas de un solo uso se traduce en una concentraci\u00f3n menor de microbios en las manos y en el ba\u00f1o\" \/>\n<meta name=\"robots\" content=\"index, follow, max-snippet:-1, max-image-preview:large, max-video-preview:-1\" \/>\n<link rel=\"canonical\" href=\"https:\/\/europeantissue.com\/es\/higiene\/declaracion-consensual-on-hygienic-hand-drying-2\/declaracion-de-consenso-de-un-grupo-de-expertos-2\/\" \/>\n<meta property=\"og:locale\" content=\"es_ES\" \/>\n<meta property=\"og:type\" content=\"article\" \/>\n<meta property=\"og:title\" content=\"Declaraci\u00f3n de consenso sobre el secado higi\u00e9nico de manos\" \/>\n<meta property=\"og:description\" content=\"Declaraci\u00f3n de consenso completa. Secarse las manos con toallas de un solo uso se traduce en una concentraci\u00f3n menor de microbios en las manos y en el ba\u00f1o\" \/>\n<meta property=\"og:url\" content=\"https:\/\/europeantissue.com\/es\/higiene\/declaracion-consensual-on-hygienic-hand-drying-2\/declaracion-de-consenso-de-un-grupo-de-expertos-2\/\" \/>\n<meta property=\"og:site_name\" content=\"European Tissue Symposium\" \/>\n<meta property=\"article:modified_time\" content=\"2022-12-06T18:16:55+00:00\" \/>\n<meta name=\"twitter:card\" content=\"summary_large_image\" \/>\n<meta name=\"twitter:label1\" content=\"Tiempo de lectura\" \/>\n\t<meta name=\"twitter:data1\" content=\"6 minutos\" \/>\n<script type=\"application\/ld+json\" class=\"yoast-schema-graph\">{\"@context\":\"https:\/\/schema.org\",\"@graph\":[{\"@type\":\"WebPage\",\"@id\":\"https:\/\/europeantissue.com\/es\/higiene\/declaracion-consensual-on-hygienic-hand-drying-2\/declaracion-de-consenso-de-un-grupo-de-expertos-2\/\",\"url\":\"https:\/\/europeantissue.com\/es\/higiene\/declaracion-consensual-on-hygienic-hand-drying-2\/declaracion-de-consenso-de-un-grupo-de-expertos-2\/\",\"name\":\"Declaraci\u00f3n de consenso sobre el secado higi\u00e9nico de manos\",\"isPartOf\":{\"@id\":\"https:\/\/europeantissue.com\/de\/#website\"},\"datePublished\":\"2015-09-02T17:47:01+00:00\",\"dateModified\":\"2022-12-06T18:16:55+00:00\",\"description\":\"Declaraci\u00f3n de consenso completa. Secarse las manos con toallas de un solo uso se traduce en una concentraci\u00f3n menor de microbios en las manos y en el ba\u00f1o\",\"breadcrumb\":{\"@id\":\"https:\/\/europeantissue.com\/es\/higiene\/declaracion-consensual-on-hygienic-hand-drying-2\/declaracion-de-consenso-de-un-grupo-de-expertos-2\/#breadcrumb\"},\"inLanguage\":\"es\",\"potentialAction\":[{\"@type\":\"ReadAction\",\"target\":[\"https:\/\/europeantissue.com\/es\/higiene\/declaracion-consensual-on-hygienic-hand-drying-2\/declaracion-de-consenso-de-un-grupo-de-expertos-2\/\"]}]},{\"@type\":\"BreadcrumbList\",\"@id\":\"https:\/\/europeantissue.com\/es\/higiene\/declaracion-consensual-on-hygienic-hand-drying-2\/declaracion-de-consenso-de-un-grupo-de-expertos-2\/#breadcrumb\",\"itemListElement\":[{\"@type\":\"ListItem\",\"position\":1,\"name\":\"Home\",\"item\":\"https:\/\/europeantissue.com\/es\/\"},{\"@type\":\"ListItem\",\"position\":2,\"name\":\"Higiene\",\"item\":\"https:\/\/europeantissue.com\/es\/higiene\/\"},{\"@type\":\"ListItem\",\"position\":3,\"name\":\"Declaraci\u00f3n de Consenso &#8211; Secarse las manos: Una parte importante de la higiene\",\"item\":\"https:\/\/europeantissue.com\/es\/higiene\/declaracion-consensual-on-hygienic-hand-drying-2\/\"},{\"@type\":\"ListItem\",\"position\":4,\"name\":\"Declaraci\u00f3n de Consenso de un Grupo de Expertos\"}]},{\"@type\":\"WebSite\",\"@id\":\"https:\/\/europeantissue.com\/de\/#website\",\"url\":\"https:\/\/europeantissue.com\/de\/\",\"name\":\"European Tissue Symposium\",\"description\":\"\",\"potentialAction\":[{\"@type\":\"SearchAction\",\"target\":{\"@type\":\"EntryPoint\",\"urlTemplate\":\"https:\/\/europeantissue.com\/de\/?s={search_term_string}\"},\"query-input\":{\"@type\":\"PropertyValueSpecification\",\"valueRequired\":true,\"valueName\":\"search_term_string\"}}],\"inLanguage\":\"es\"}]}<\/script>\n<!-- \/ Yoast SEO plugin. -->","yoast_head_json":{"title":"Declaraci\u00f3n de consenso sobre el secado higi\u00e9nico de manos","description":"Declaraci\u00f3n de consenso completa. Secarse las manos con toallas de un solo uso se traduce en una concentraci\u00f3n menor de microbios en las manos y en el ba\u00f1o","robots":{"index":"index","follow":"follow","max-snippet":"max-snippet:-1","max-image-preview":"max-image-preview:large","max-video-preview":"max-video-preview:-1"},"canonical":"https:\/\/europeantissue.com\/es\/higiene\/declaracion-consensual-on-hygienic-hand-drying-2\/declaracion-de-consenso-de-un-grupo-de-expertos-2\/","og_locale":"es_ES","og_type":"article","og_title":"Declaraci\u00f3n de consenso sobre el secado higi\u00e9nico de manos","og_description":"Declaraci\u00f3n de consenso completa. Secarse las manos con toallas de un solo uso se traduce en una concentraci\u00f3n menor de microbios en las manos y en el ba\u00f1o","og_url":"https:\/\/europeantissue.com\/es\/higiene\/declaracion-consensual-on-hygienic-hand-drying-2\/declaracion-de-consenso-de-un-grupo-de-expertos-2\/","og_site_name":"European Tissue Symposium","article_modified_time":"2022-12-06T18:16:55+00:00","twitter_card":"summary_large_image","twitter_misc":{"Tiempo de lectura":"6 minutos"},"schema":{"@context":"https:\/\/schema.org","@graph":[{"@type":"WebPage","@id":"https:\/\/europeantissue.com\/es\/higiene\/declaracion-consensual-on-hygienic-hand-drying-2\/declaracion-de-consenso-de-un-grupo-de-expertos-2\/","url":"https:\/\/europeantissue.com\/es\/higiene\/declaracion-consensual-on-hygienic-hand-drying-2\/declaracion-de-consenso-de-un-grupo-de-expertos-2\/","name":"Declaraci\u00f3n de consenso sobre el secado higi\u00e9nico de manos","isPartOf":{"@id":"https:\/\/europeantissue.com\/de\/#website"},"datePublished":"2015-09-02T17:47:01+00:00","dateModified":"2022-12-06T18:16:55+00:00","description":"Declaraci\u00f3n de consenso completa. Secarse las manos con toallas de un solo uso se traduce en una concentraci\u00f3n menor de microbios en las manos y en el ba\u00f1o","breadcrumb":{"@id":"https:\/\/europeantissue.com\/es\/higiene\/declaracion-consensual-on-hygienic-hand-drying-2\/declaracion-de-consenso-de-un-grupo-de-expertos-2\/#breadcrumb"},"inLanguage":"es","potentialAction":[{"@type":"ReadAction","target":["https:\/\/europeantissue.com\/es\/higiene\/declaracion-consensual-on-hygienic-hand-drying-2\/declaracion-de-consenso-de-un-grupo-de-expertos-2\/"]}]},{"@type":"BreadcrumbList","@id":"https:\/\/europeantissue.com\/es\/higiene\/declaracion-consensual-on-hygienic-hand-drying-2\/declaracion-de-consenso-de-un-grupo-de-expertos-2\/#breadcrumb","itemListElement":[{"@type":"ListItem","position":1,"name":"Home","item":"https:\/\/europeantissue.com\/es\/"},{"@type":"ListItem","position":2,"name":"Higiene","item":"https:\/\/europeantissue.com\/es\/higiene\/"},{"@type":"ListItem","position":3,"name":"Declaraci\u00f3n de Consenso &#8211; Secarse las manos: Una parte importante de la higiene","item":"https:\/\/europeantissue.com\/es\/higiene\/declaracion-consensual-on-hygienic-hand-drying-2\/"},{"@type":"ListItem","position":4,"name":"Declaraci\u00f3n de Consenso de un Grupo de Expertos"}]},{"@type":"WebSite","@id":"https:\/\/europeantissue.com\/de\/#website","url":"https:\/\/europeantissue.com\/de\/","name":"European Tissue Symposium","description":"","potentialAction":[{"@type":"SearchAction","target":{"@type":"EntryPoint","urlTemplate":"https:\/\/europeantissue.com\/de\/?s={search_term_string}"},"query-input":{"@type":"PropertyValueSpecification","valueRequired":true,"valueName":"search_term_string"}}],"inLanguage":"es"}]}},"_links":{"self":[{"href":"https:\/\/europeantissue.com\/es\/wp-json\/wp\/v2\/pages\/7497","targetHints":{"allow":["GET"]}}],"collection":[{"href":"https:\/\/europeantissue.com\/es\/wp-json\/wp\/v2\/pages"}],"about":[{"href":"https:\/\/europeantissue.com\/es\/wp-json\/wp\/v2\/types\/page"}],"author":[{"embeddable":true,"href":"https:\/\/europeantissue.com\/es\/wp-json\/wp\/v2\/users\/2"}],"replies":[{"embeddable":true,"href":"https:\/\/europeantissue.com\/es\/wp-json\/wp\/v2\/comments?post=7497"}],"version-history":[{"count":0,"href":"https:\/\/europeantissue.com\/es\/wp-json\/wp\/v2\/pages\/7497\/revisions"}],"up":[{"embeddable":true,"href":"https:\/\/europeantissue.com\/es\/wp-json\/wp\/v2\/pages\/7495"}],"wp:attachment":[{"href":"https:\/\/europeantissue.com\/es\/wp-json\/wp\/v2\/media?parent=7497"}],"curies":[{"name":"wp","href":"https:\/\/api.w.org\/{rel}","templated":true}]}}