 {"id":7683,"date":"2015-09-20T06:49:40","date_gmt":"2015-09-20T06:49:40","guid":{"rendered":"http:\/\/europeantissue.com\/?page_id=7683"},"modified":"2022-12-06T17:23:35","modified_gmt":"2022-12-06T17:23:35","slug":"consensus-statement-on-hygienic-hand-drying-2","status":"publish","type":"page","link":"https:\/\/europeantissue.com\/de\/hygiene-de\/consensus-statement-on-hygienic-hand-drying-2\/","title":{"rendered":"Konsenserkl\u00e4rung eines Sachverst\u00e4ndigengremiums zum Hygienischen H\u00e4ndetrocknen"},"content":{"rendered":"<h3><span style=\"color: #3272a6;\">Konsenserkl\u00e4rung eines Sachverst\u00e4ndigengremiums zum Hygienischen H\u00e4ndetrocknen<\/span><\/h3>\n<p>Das European Tissue Symposium (ETS) sponserte wissenschaftliche Gremien mit hervorragenden Mikrobiologen und Krankenhaushygiene-Experten aus ganz Europa zum Thema\u201a Hygienisches H\u00e4ndetrocknen\u2018 an der Katholischen Universit\u00e4t Leuven am 20. M\u00e4rz 2013, 11. Juni 2014, 14. April 2015, 10. M\u00e4rz 2016, 30. August 2017, 18. November 2018, 29. Januar 2020 und am<span style=\"color: #0000ff;\"><strong> 11 Oktober 2022.<\/strong><\/span><\/p>\n<p>Die Diskussionsteilnehmer wurden gebeten, einen \u00dcberblick \u00fcber die Wissenschaft zum H\u00e4ndetrocknen und zur Hygieneleistung von H\u00e4ndetrocknern wie Papierhandt\u00fccher, Textilt\u00fccher und elektrische Trockner zu liefern und Empfehlungen f\u00fcr zuk\u00fcnftige wissenschaftliche Forschung und zur Orientierung der \u00d6ffentlichkeit abzugeben.<\/p>\n<p>Nach einer \u00dcberpr\u00fcfung der <a href=\"https:\/\/europeantissue.com\/hygiene\/consensus-statement-on-hygienic-hand-drying\/scientific-literature-on-hygienic-hand-drying\/\">wichtigsten wissenschaftlichen Literatur<\/a> haben die unten aufgef\u00fchrten Experten eine Konsenserkl\u00e4rung zur hygienischen H\u00e4ndetrocknung erstellt. Das Dokument kann hier abgerufen werden:<strong> <a href=\"https:\/\/europeantissue.com\/de\/hygiene-de\/consensus-statement-on-hygienic-hand-drying-2\/consensus-statement-of-a-panel-of-experts-2\/\">Konsenserkl\u00e4rung<\/a><\/strong><\/p>\n<p><a href=\"https:\/\/europeantissue.com\/de\/hygiene-de\/consensus-statement-on-hygienic-hand-drying\/consensus-statement-of-a-panel-of-experts\/\"><img decoding=\"async\" class=\"size-medium wp-image-8464 alignright\" src=\"http:\/\/europeantissue.com\/wp-content\/uploads\/2015\/09\/Consensus-Statement-Image-DE-300x203.jpg\" alt=\"Consensus Statement Image DE\" width=\"300\" height=\"203\" srcset=\"https:\/\/europeantissue.com\/wp-content\/uploads\/2015\/09\/Consensus-Statement-Image-DE-300x203.jpg 300w, https:\/\/europeantissue.com\/wp-content\/uploads\/2015\/09\/Consensus-Statement-Image-DE.jpg 449w\" sizes=\"(max-width: 300px) 100vw, 300px\" \/><\/a><\/p>\n<p><strong>Autoren: <br \/>\nProfessor Marc Van Ranst, 2013 &#8211; heute pr\u00e4sent<br \/>\nProfessor Mark Wilcox, 2013 &#8211; heute pr\u00e4sent<br \/>\nProfessor Fr\u00e9d\u00e9ric Barbut, 2015 &#8211; heute pr\u00e4sent<br \/>\nProfessor Angel Asensio, 2015 &#8211; heute pr\u00e4sent<br \/>\nProfessor Silvio Brusaferro, 2013 &#8211; Ende 2018<br \/>\nEmeritus Fellow Keith Redway, 2013 &#8211; heute pr\u00e4sent<br \/>\nProfessor Bertil Kaijser, 2013 &#8211; 2015<br \/>\nDr Ralf Kammerer 2013 &#8211; 2015<br \/>\n<\/strong><strong>Prof. Dr. Walter Popp, 2020 \u2013 pr\u00e4sent<br \/>\n<\/strong><\/p>\n<h2 class=\"p1\">&nbsp;<\/h2>\n","protected":false},"excerpt":{"rendered":"<p>Konsenserkl\u00e4rung eines Sachverst\u00e4ndigengremiums zum Hygienischen H\u00e4ndetrocknen Das European Tissue Symposium (ETS) sponserte wissenschaftliche Gremien mit hervorragenden Mikrobiologen und Krankenhaushygiene-Experten aus ganz Europa zum Thema\u201a Hygienisches H\u00e4ndetrocknen\u2018 an der Katholischen Universit\u00e4t Leuven am 20. M\u00e4rz 2013, 11. Juni 2014, 14. April 2015, 10. M\u00e4rz 2016, 30. August 2017, 18. November 2018, 29. Januar 2020 und am  [&#8230;]<\/p>\n","protected":false},"author":2,"featured_media":0,"parent":7664,"menu_order":1,"comment_status":"open","ping_status":"closed","template":"","meta":{"_monsterinsights_skip_tracking":false,"_monsterinsights_sitenote_active":false,"_monsterinsights_sitenote_note":"","_monsterinsights_sitenote_category":0,"ngg_post_thumbnail":0,"footnotes":""},"class_list":["post-7683","page","type-page","status-publish","hentry"],"yoast_head":"<!-- This site is optimized with the Yoast SEO plugin v26.3 - https:\/\/yoast.com\/wordpress\/plugins\/seo\/ -->\n<title>Konsenserkl\u00e4rung eines Sachverst\u00e4ndigengremiums zum Hygienischen H\u00e4ndetrocknen - European Tissue Symposium<\/title>\n<meta name=\"description\" content=\"Konsenserkl\u00e4rung eines Sachverst\u00e4ndigengremiums zum Hygienischen H\u00e4ndetrocknen Hervorragenden Mikrobiologen untersucht haben die Wissenschaft zum H\u00e4ndetrocknen\" \/>\n<meta name=\"robots\" content=\"index, follow, max-snippet:-1, max-image-preview:large, max-video-preview:-1\" \/>\n<link rel=\"canonical\" href=\"https:\/\/europeantissue.com\/de\/hygiene-de\/consensus-statement-on-hygienic-hand-drying-2\/\" \/>\n<meta property=\"og:locale\" content=\"de_DE\" \/>\n<meta property=\"og:type\" content=\"article\" \/>\n<meta property=\"og:title\" content=\"Konsenserkl\u00e4rung eines Sachverst\u00e4ndigengremiums zum Hygienischen H\u00e4ndetrocknen - European Tissue Symposium\" \/>\n<meta property=\"og:description\" content=\"Konsenserkl\u00e4rung eines Sachverst\u00e4ndigengremiums zum Hygienischen H\u00e4ndetrocknen Hervorragenden Mikrobiologen untersucht haben die Wissenschaft zum H\u00e4ndetrocknen\" \/>\n<meta property=\"og:url\" content=\"https:\/\/europeantissue.com\/de\/hygiene-de\/consensus-statement-on-hygienic-hand-drying-2\/\" \/>\n<meta property=\"og:site_name\" content=\"European Tissue Symposium\" \/>\n<meta property=\"article:modified_time\" content=\"2022-12-06T17:23:35+00:00\" \/>\n<meta property=\"og:image\" content=\"http:\/\/europeantissue.com\/wp-content\/uploads\/2015\/09\/Consensus-Statement-Image-DE-300x203.jpg\" \/>\n<meta name=\"twitter:card\" content=\"summary_large_image\" \/>\n<meta name=\"twitter:label1\" content=\"Gesch\u00e4tzte Lesezeit\" \/>\n\t<meta name=\"twitter:data1\" content=\"1 Minute\" \/>\n<script type=\"application\/ld+json\" class=\"yoast-schema-graph\">{\"@context\":\"https:\/\/schema.org\",\"@graph\":[{\"@type\":\"WebPage\",\"@id\":\"https:\/\/europeantissue.com\/de\/hygiene-de\/consensus-statement-on-hygienic-hand-drying-2\/\",\"url\":\"https:\/\/europeantissue.com\/de\/hygiene-de\/consensus-statement-on-hygienic-hand-drying-2\/\",\"name\":\"Konsenserkl\u00e4rung eines Sachverst\u00e4ndigengremiums zum Hygienischen H\u00e4ndetrocknen - European Tissue Symposium\",\"isPartOf\":{\"@id\":\"https:\/\/europeantissue.com\/de\/#website\"},\"primaryImageOfPage\":{\"@id\":\"https:\/\/europeantissue.com\/de\/hygiene-de\/consensus-statement-on-hygienic-hand-drying-2\/#primaryimage\"},\"image\":{\"@id\":\"https:\/\/europeantissue.com\/de\/hygiene-de\/consensus-statement-on-hygienic-hand-drying-2\/#primaryimage\"},\"thumbnailUrl\":\"http:\/\/europeantissue.com\/wp-content\/uploads\/2015\/09\/Consensus-Statement-Image-DE-300x203.jpg\",\"datePublished\":\"2015-09-20T06:49:40+00:00\",\"dateModified\":\"2022-12-06T17:23:35+00:00\",\"description\":\"Konsenserkl\u00e4rung eines Sachverst\u00e4ndigengremiums zum Hygienischen H\u00e4ndetrocknen Hervorragenden Mikrobiologen untersucht haben die Wissenschaft zum H\u00e4ndetrocknen\",\"breadcrumb\":{\"@id\":\"https:\/\/europeantissue.com\/de\/hygiene-de\/consensus-statement-on-hygienic-hand-drying-2\/#breadcrumb\"},\"inLanguage\":\"de-DE\",\"potentialAction\":[{\"@type\":\"ReadAction\",\"target\":[\"https:\/\/europeantissue.com\/de\/hygiene-de\/consensus-statement-on-hygienic-hand-drying-2\/\"]}]},{\"@type\":\"ImageObject\",\"inLanguage\":\"de-DE\",\"@id\":\"https:\/\/europeantissue.com\/de\/hygiene-de\/consensus-statement-on-hygienic-hand-drying-2\/#primaryimage\",\"url\":\"http:\/\/europeantissue.com\/wp-content\/uploads\/2015\/09\/Consensus-Statement-Image-DE-300x203.jpg\",\"contentUrl\":\"http:\/\/europeantissue.com\/wp-content\/uploads\/2015\/09\/Consensus-Statement-Image-DE-300x203.jpg\"},{\"@type\":\"BreadcrumbList\",\"@id\":\"https:\/\/europeantissue.com\/de\/hygiene-de\/consensus-statement-on-hygienic-hand-drying-2\/#breadcrumb\",\"itemListElement\":[{\"@type\":\"ListItem\",\"position\":1,\"name\":\"Home\",\"item\":\"https:\/\/europeantissue.com\/de\/\"},{\"@type\":\"ListItem\",\"position\":2,\"name\":\"Hygiene (DE)\",\"item\":\"https:\/\/europeantissue.com\/de\/hygiene-de\/\"},{\"@type\":\"ListItem\",\"position\":3,\"name\":\"Konsenserkl\u00e4rung eines Sachverst\u00e4ndigengremiums zum Hygienischen H\u00e4ndetrocknen\"}]},{\"@type\":\"WebSite\",\"@id\":\"https:\/\/europeantissue.com\/de\/#website\",\"url\":\"https:\/\/europeantissue.com\/de\/\",\"name\":\"European Tissue Symposium\",\"description\":\"\",\"potentialAction\":[{\"@type\":\"SearchAction\",\"target\":{\"@type\":\"EntryPoint\",\"urlTemplate\":\"https:\/\/europeantissue.com\/de\/?s={search_term_string}\"},\"query-input\":{\"@type\":\"PropertyValueSpecification\",\"valueRequired\":true,\"valueName\":\"search_term_string\"}}],\"inLanguage\":\"de-DE\"}]}<\/script>\n<!-- \/ Yoast SEO plugin. -->","yoast_head_json":{"title":"Konsenserkl\u00e4rung eines Sachverst\u00e4ndigengremiums zum Hygienischen H\u00e4ndetrocknen - European Tissue Symposium","description":"Konsenserkl\u00e4rung eines Sachverst\u00e4ndigengremiums zum Hygienischen H\u00e4ndetrocknen Hervorragenden Mikrobiologen untersucht haben die Wissenschaft zum H\u00e4ndetrocknen","robots":{"index":"index","follow":"follow","max-snippet":"max-snippet:-1","max-image-preview":"max-image-preview:large","max-video-preview":"max-video-preview:-1"},"canonical":"https:\/\/europeantissue.com\/de\/hygiene-de\/consensus-statement-on-hygienic-hand-drying-2\/","og_locale":"de_DE","og_type":"article","og_title":"Konsenserkl\u00e4rung eines Sachverst\u00e4ndigengremiums zum Hygienischen H\u00e4ndetrocknen - European Tissue Symposium","og_description":"Konsenserkl\u00e4rung eines Sachverst\u00e4ndigengremiums zum Hygienischen H\u00e4ndetrocknen Hervorragenden Mikrobiologen untersucht haben die Wissenschaft zum H\u00e4ndetrocknen","og_url":"https:\/\/europeantissue.com\/de\/hygiene-de\/consensus-statement-on-hygienic-hand-drying-2\/","og_site_name":"European Tissue Symposium","article_modified_time":"2022-12-06T17:23:35+00:00","og_image":[{"url":"http:\/\/europeantissue.com\/wp-content\/uploads\/2015\/09\/Consensus-Statement-Image-DE-300x203.jpg","type":"","width":"","height":""}],"twitter_card":"summary_large_image","twitter_misc":{"Gesch\u00e4tzte Lesezeit":"1 Minute"},"schema":{"@context":"https:\/\/schema.org","@graph":[{"@type":"WebPage","@id":"https:\/\/europeantissue.com\/de\/hygiene-de\/consensus-statement-on-hygienic-hand-drying-2\/","url":"https:\/\/europeantissue.com\/de\/hygiene-de\/consensus-statement-on-hygienic-hand-drying-2\/","name":"Konsenserkl\u00e4rung eines Sachverst\u00e4ndigengremiums zum Hygienischen H\u00e4ndetrocknen - European Tissue Symposium","isPartOf":{"@id":"https:\/\/europeantissue.com\/de\/#website"},"primaryImageOfPage":{"@id":"https:\/\/europeantissue.com\/de\/hygiene-de\/consensus-statement-on-hygienic-hand-drying-2\/#primaryimage"},"image":{"@id":"https:\/\/europeantissue.com\/de\/hygiene-de\/consensus-statement-on-hygienic-hand-drying-2\/#primaryimage"},"thumbnailUrl":"http:\/\/europeantissue.com\/wp-content\/uploads\/2015\/09\/Consensus-Statement-Image-DE-300x203.jpg","datePublished":"2015-09-20T06:49:40+00:00","dateModified":"2022-12-06T17:23:35+00:00","description":"Konsenserkl\u00e4rung eines Sachverst\u00e4ndigengremiums zum Hygienischen H\u00e4ndetrocknen Hervorragenden Mikrobiologen untersucht haben die Wissenschaft zum H\u00e4ndetrocknen","breadcrumb":{"@id":"https:\/\/europeantissue.com\/de\/hygiene-de\/consensus-statement-on-hygienic-hand-drying-2\/#breadcrumb"},"inLanguage":"de-DE","potentialAction":[{"@type":"ReadAction","target":["https:\/\/europeantissue.com\/de\/hygiene-de\/consensus-statement-on-hygienic-hand-drying-2\/"]}]},{"@type":"ImageObject","inLanguage":"de-DE","@id":"https:\/\/europeantissue.com\/de\/hygiene-de\/consensus-statement-on-hygienic-hand-drying-2\/#primaryimage","url":"http:\/\/europeantissue.com\/wp-content\/uploads\/2015\/09\/Consensus-Statement-Image-DE-300x203.jpg","contentUrl":"http:\/\/europeantissue.com\/wp-content\/uploads\/2015\/09\/Consensus-Statement-Image-DE-300x203.jpg"},{"@type":"BreadcrumbList","@id":"https:\/\/europeantissue.com\/de\/hygiene-de\/consensus-statement-on-hygienic-hand-drying-2\/#breadcrumb","itemListElement":[{"@type":"ListItem","position":1,"name":"Home","item":"https:\/\/europeantissue.com\/de\/"},{"@type":"ListItem","position":2,"name":"Hygiene (DE)","item":"https:\/\/europeantissue.com\/de\/hygiene-de\/"},{"@type":"ListItem","position":3,"name":"Konsenserkl\u00e4rung eines Sachverst\u00e4ndigengremiums zum Hygienischen H\u00e4ndetrocknen"}]},{"@type":"WebSite","@id":"https:\/\/europeantissue.com\/de\/#website","url":"https:\/\/europeantissue.com\/de\/","name":"European Tissue Symposium","description":"","potentialAction":[{"@type":"SearchAction","target":{"@type":"EntryPoint","urlTemplate":"https:\/\/europeantissue.com\/de\/?s={search_term_string}"},"query-input":{"@type":"PropertyValueSpecification","valueRequired":true,"valueName":"search_term_string"}}],"inLanguage":"de-DE"}]}},"_links":{"self":[{"href":"https:\/\/europeantissue.com\/de\/wp-json\/wp\/v2\/pages\/7683","targetHints":{"allow":["GET"]}}],"collection":[{"href":"https:\/\/europeantissue.com\/de\/wp-json\/wp\/v2\/pages"}],"about":[{"href":"https:\/\/europeantissue.com\/de\/wp-json\/wp\/v2\/types\/page"}],"author":[{"embeddable":true,"href":"https:\/\/europeantissue.com\/de\/wp-json\/wp\/v2\/users\/2"}],"replies":[{"embeddable":true,"href":"https:\/\/europeantissue.com\/de\/wp-json\/wp\/v2\/comments?post=7683"}],"version-history":[{"count":0,"href":"https:\/\/europeantissue.com\/de\/wp-json\/wp\/v2\/pages\/7683\/revisions"}],"up":[{"embeddable":true,"href":"https:\/\/europeantissue.com\/de\/wp-json\/wp\/v2\/pages\/7664"}],"wp:attachment":[{"href":"https:\/\/europeantissue.com\/de\/wp-json\/wp\/v2\/media?parent=7683"}],"curies":[{"name":"wp","href":"https:\/\/api.w.org\/{rel}","templated":true}]}}